{"id":318,"date":"2023-05-18T17:55:26","date_gmt":"2023-05-18T16:55:26","guid":{"rendered":"https:\/\/parrilladaedreira.com\/?page_id=318"},"modified":"2023-05-19T17:38:53","modified_gmt":"2023-05-19T16:38:53","slug":"ubicacion","status":"publish","type":"page","link":"https:\/\/parrilladaedreira.com\/en\/ubicacion\/","title":{"rendered":"Ubicaci\u00f3n"},"content":{"rendered":"<p><div class=\"fusion-fullwidth fullwidth-box fusion-builder-row-1 fusion-flex-container has-pattern-background has-mask-background nonhundred-percent-fullwidth non-hundred-percent-height-scrolling\" style=\"--awb-border-radius-top-left:0px;--awb-border-radius-top-right:0px;--awb-border-radius-bottom-right:0px;--awb-border-radius-bottom-left:0px;\" ><div class=\"fusion-builder-row fusion-row fusion-flex-align-items-flex-start fusion-flex-justify-content-center\" style=\"max-width:1248px;margin-left: calc(-4% \/ 2 );margin-right: calc(-4% \/ 2 );\"><div class=\"fusion-layout-column fusion_builder_column fusion-builder-column-0 fusion_builder_column_3_4 3_4 fusion-flex-column fusion-animated\" style=\"--awb-padding-right:25px;--awb-bg-size:cover;--awb-width-large:75%;--awb-margin-top-large:0px;--awb-spacing-right-large:2.56%;--awb-margin-bottom-large:20px;--awb-spacing-left-large:2.56%;--awb-width-medium:75%;--awb-order-medium:0;--awb-spacing-right-medium:2.56%;--awb-spacing-left-medium:2.56%;--awb-width-small:100%;--awb-order-small:0;--awb-spacing-right-small:1.92%;--awb-spacing-left-small:1.92%;\" data-animationtype=\"fadeInLeft\" data-animationduration=\"1.0\" data-animationoffset=\"top-into-view\" data-motion-effects=\"[]\" data-scroll-devices=\"small-visibility,medium-visibility,large-visibility\"><div class=\"fusion-column-wrapper fusion-column-has-shadow fusion-flex-justify-content-flex-start fusion-content-layout-column\"><div class=\"fusion-text fusion-text-1\" style=\"--awb-content-alignment:center;--awb-font-size:var(--awb-typography2-font-size);--awb-line-height:var(--awb-typography2-line-height);--awb-letter-spacing:var(--awb-typography2-letter-spacing);--awb-text-transform:var(--awb-typography2-text-transform);--awb-text-color:var(--awb-color7);--awb-text-font-family:var(--awb-typography2-font-family);--awb-text-font-weight:var(--awb-typography2-font-weight);--awb-text-font-style:var(--awb-typography2-font-style);\"><p>Entre Coru\u00f1a y Fisterra<\/p>\n<\/div><div class=\"fusion-title title fusion-title-1 fusion-sep-none fusion-title-center fusion-title-text fusion-title-size-two\" style=\"--awb-margin-top:0px;--awb-margin-bottom:30px;--awb-font-size:var(--awb-typography1-font-size);\"><h2 class=\"title-heading-center fusion-responsive-typography-calculated\" style=\"font-family:var(--awb-typography1-font-family);font-weight:var(--awb-typography1-font-weight);font-style:var(--awb-typography1-font-style);margin:0;font-size:1em;letter-spacing:var(--awb-typography1-letter-spacing);text-transform:var(--awb-typography1-text-transform);--fontSize:60;line-height:var(--awb-typography1-line-height);\">Visita nuestra Parillada<\/h2><\/div><div class=\"fusion-text fusion-text-2\" style=\"--awb-content-alignment:center;\"><p>Puedes encontrarnos en Vimianzo, uno de los lugares m\u00e1s visitados de la Costa da Morte, ubicaci\u00f3n destacada por sus playas y su turismo.<\/p>\n<\/div><\/div><\/div><\/div><\/div><div class=\"fusion-fullwidth fullwidth-box fusion-builder-row-2 fusion-flex-container has-pattern-background has-mask-background hundred-percent-fullwidth non-hundred-percent-height-scrolling\" style=\"--awb-border-radius-top-left:0px;--awb-border-radius-top-right:0px;--awb-border-radius-bottom-right:0px;--awb-border-radius-bottom-left:0px;--awb-padding-right:0px;--awb-padding-left:0px;\" ><div class=\"fusion-builder-row fusion-row fusion-flex-align-items-flex-start fusion-flex-justify-content-center\" style=\"width:104% !important;max-width:104% !important;margin-left: calc(-4% \/ 2 );margin-right: calc(-4% \/ 2 );\"><div class=\"fusion-layout-column fusion_builder_column fusion-builder-column-1 fusion_builder_column_1_1 1_1 fusion-flex-column fusion-animated\" style=\"--awb-padding-right:0px;--awb-bg-size:cover;--awb-width-large:100%;--awb-margin-top-large:0px;--awb-spacing-right-large:1.92%;--awb-margin-bottom-large:20px;--awb-spacing-left-large:1.92%;--awb-width-medium:100%;--awb-order-medium:0;--awb-spacing-right-medium:1.92%;--awb-spacing-left-medium:1.92%;--awb-width-small:100%;--awb-order-small:0;--awb-spacing-right-small:1.92%;--awb-spacing-left-small:1.92%;\" data-animationtype=\"fadeInLeft\" data-animationduration=\"1.0\" data-animationoffset=\"top-into-view\" data-motion-effects=\"[]\" data-scroll-devices=\"small-visibility,medium-visibility,large-visibility\"><div class=\"fusion-column-wrapper fusion-column-has-shadow fusion-flex-justify-content-flex-start fusion-content-layout-column\"><div style=\"--awb-height:500px;\" class=\"awb-openstreet-map awb-openstreet-map-1\" data-map-style=\"osm-de\" data-map-type=\"marker\" data-zoom=\"10\" data-zoomcontrol=\"1\" data-scrollwheelzoom=\"\" data-dragging=\"\" data-touchzoom=\"1\" data-dbclickzoom=\"1\" data-fitbounds=\"1\" data-shape-color=\"rgba(102,51,0,1)\" data-shape-weight=\"3\"><div class=\"awb-openstreet-map-marker awb-openstreet-map-marker-1\" data-latitude=\"43.0995125\" data-longitude=\"-9.0419952\" data-icon=\"fa-map-marker-alt fas\" data-action=\"popup\"><div class=\"awb-openstreet-map-marker-icon-wrapper\" style=\"--awb-size:35px;--awb-color:var(--awb-color5);--awb-background-color:rgba(255,255,255,0);--awb-hover-color:var(--awb-color4);--awb-hover-background-color:rgba(255,255,255,0);\"><i class=\"fa-map-marker-alt fas\"><\/i><\/div><div class=\"awb-openstreet-map-content-wrapper\"><h5 class=\"awb-openstreet-map-marker-title\">Restaurante Edreira<\/h5><\/div><\/div><\/div><\/div><\/div><\/div><\/div><div class=\"fusion-fullwidth fullwidth-box fusion-builder-row-3 fusion-flex-container has-pattern-background has-mask-background nonhundred-percent-fullwidth non-hundred-percent-height-scrolling\" style=\"--awb-border-radius-top-left:0px;--awb-border-radius-top-right:0px;--awb-border-radius-bottom-right:0px;--awb-border-radius-bottom-left:0px;\" ><div class=\"fusion-builder-row fusion-row fusion-flex-align-items-flex-start fusion-flex-justify-content-center\" style=\"max-width:1248px;margin-left: calc(-4% \/ 2 );margin-right: calc(-4% \/ 2 );\"><div class=\"fusion-layout-column fusion_builder_column fusion-builder-column-2 fusion_builder_column_3_4 3_4 fusion-flex-column fusion-animated\" style=\"--awb-padding-right:25px;--awb-bg-size:cover;--awb-width-large:75%;--awb-margin-top-large:0px;--awb-spacing-right-large:2.56%;--awb-margin-bottom-large:20px;--awb-spacing-left-large:2.56%;--awb-width-medium:75%;--awb-order-medium:0;--awb-spacing-right-medium:2.56%;--awb-spacing-left-medium:2.56%;--awb-width-small:100%;--awb-order-small:0;--awb-spacing-right-small:1.92%;--awb-spacing-left-small:1.92%;\" data-animationtype=\"fadeInLeft\" data-animationduration=\"1.0\" data-animationoffset=\"top-into-view\" data-motion-effects=\"[]\" data-scroll-devices=\"small-visibility,medium-visibility,large-visibility\"><div class=\"fusion-column-wrapper fusion-column-has-shadow fusion-flex-justify-content-flex-start fusion-content-layout-column\"><div style=\"text-align:center;\"><a class=\"fusion-button button-flat button-xlarge button-default fusion-button-default button-1 fusion-button-default-span fusion-button-default-type\" target=\"_blank\" rel=\"noopener noreferrer\" href=\"https:\/\/goo.gl\/maps\/GvPqS2ppGVFkXy9M8?coh=178571&amp;entry=tt\"><span class=\"fusion-button-text\">C\u00f3mo Llegar<\/span><\/a><\/div><\/div><\/div><\/div><\/div><\/p>","protected":false},"excerpt":{"rendered":"","protected":false},"author":1,"featured_media":0,"parent":0,"menu_order":0,"comment_status":"closed","ping_status":"closed","template":"100-width.php","meta":{"footnotes":""},"class_list":["post-318","page","type-page","status-publish","hentry"],"yoast_head":"<!-- This site is optimized with the Yoast SEO plugin v25.9 - https:\/\/yoast.com\/wordpress\/plugins\/seo\/ -->\n<title>Ubicaci\u00f3n | Restaurante Edreira<\/title>\n<meta name=\"description\" content=\"Puedes encontrarnos en Vimianzo, uno de los lugares m\u00e1s visitados de la Costa da Morte, ubicaci\u00f3n destacada por sus playas y su turismo.\" \/>\n<meta name=\"robots\" content=\"index, follow, max-snippet:-1, max-image-preview:large, max-video-preview:-1\" \/>\n<link rel=\"canonical\" href=\"https:\/\/parrilladaedreira.com\/en\/ubicacion\/\" \/>\n<meta property=\"og:locale\" content=\"en_GB\" \/>\n<meta property=\"og:type\" content=\"article\" \/>\n<meta property=\"og:title\" content=\"Ubicaci\u00f3n | Restaurante Edreira\" \/>\n<meta property=\"og:description\" content=\"Puedes encontrarnos en Vimianzo, uno de los lugares m\u00e1s visitados de la Costa da Morte, ubicaci\u00f3n destacada por sus playas y su turismo.\" \/>\n<meta property=\"og:url\" content=\"https:\/\/parrilladaedreira.com\/en\/ubicacion\/\" \/>\n<meta property=\"og:site_name\" content=\"Restaurante Edreira\" \/>\n<meta property=\"article:publisher\" content=\"https:\/\/www.facebook.com\/profile.php?id=100042422663803\" \/>\n<meta property=\"article:modified_time\" content=\"2023-05-19T16:38:53+00:00\" \/>\n<meta name=\"twitter:card\" content=\"summary_large_image\" \/>\n<meta name=\"twitter:label1\" content=\"Estimated reading time\" \/>\n\t<meta name=\"twitter:data1\" content=\"3 minutes\" \/>\n<script type=\"application\/ld+json\" class=\"yoast-schema-graph\">{\"@context\":\"https:\/\/schema.org\",\"@graph\":[{\"@type\":\"WebPage\",\"@id\":\"https:\/\/parrilladaedreira.com\/ubicacion\/\",\"url\":\"https:\/\/parrilladaedreira.com\/ubicacion\/\",\"name\":\"Ubicaci\u00f3n | Restaurante Edreira\",\"isPartOf\":{\"@id\":\"https:\/\/parrilladaedreira.com\/#website\"},\"datePublished\":\"2023-05-18T16:55:26+00:00\",\"dateModified\":\"2023-05-19T16:38:53+00:00\",\"description\":\"Puedes encontrarnos en Vimianzo, uno de los lugares m\u00e1s visitados de la Costa da Morte, ubicaci\u00f3n destacada por sus playas y su turismo.\",\"breadcrumb\":{\"@id\":\"https:\/\/parrilladaedreira.com\/ubicacion\/#breadcrumb\"},\"inLanguage\":\"en-GB\",\"potentialAction\":[{\"@type\":\"ReadAction\",\"target\":[\"https:\/\/parrilladaedreira.com\/ubicacion\/\"]}]},{\"@type\":\"BreadcrumbList\",\"@id\":\"https:\/\/parrilladaedreira.com\/ubicacion\/#breadcrumb\",\"itemListElement\":[{\"@type\":\"ListItem\",\"position\":1,\"name\":\"Portada\",\"item\":\"https:\/\/parrilladaedreira.com\/\"},{\"@type\":\"ListItem\",\"position\":2,\"name\":\"Ubicaci\u00f3n\"}]},{\"@type\":\"WebSite\",\"@id\":\"https:\/\/parrilladaedreira.com\/#website\",\"url\":\"https:\/\/parrilladaedreira.com\/\",\"name\":\"Restaurante Edreira\",\"description\":\"Parrillada en Vimianzo, A Coru\u00f1a\",\"publisher\":{\"@id\":\"https:\/\/parrilladaedreira.com\/#organization\"},\"alternateName\":\"Parrillada Edreira\",\"potentialAction\":[{\"@type\":\"SearchAction\",\"target\":{\"@type\":\"EntryPoint\",\"urlTemplate\":\"https:\/\/parrilladaedreira.com\/?s={search_term_string}\"},\"query-input\":{\"@type\":\"PropertyValueSpecification\",\"valueRequired\":true,\"valueName\":\"search_term_string\"}}],\"inLanguage\":\"en-GB\"},{\"@type\":\"Organization\",\"@id\":\"https:\/\/parrilladaedreira.com\/#organization\",\"name\":\"Restaurante Edreira\",\"url\":\"https:\/\/parrilladaedreira.com\/\",\"logo\":{\"@type\":\"ImageObject\",\"inLanguage\":\"en-GB\",\"@id\":\"https:\/\/parrilladaedreira.com\/#\/schema\/logo\/image\/\",\"url\":\"https:\/\/parrilladaedreira.com\/wp-content\/uploads\/restaurante-edreira-logo-@2x.png\",\"contentUrl\":\"https:\/\/parrilladaedreira.com\/wp-content\/uploads\/restaurante-edreira-logo-@2x.png\",\"width\":807,\"height\":336,\"caption\":\"Restaurante Edreira\"},\"image\":{\"@id\":\"https:\/\/parrilladaedreira.com\/#\/schema\/logo\/image\/\"},\"sameAs\":[\"https:\/\/www.facebook.com\/profile.php?id=100042422663803\"]}]}<\/script>\n<!-- \/ Yoast SEO plugin. -->","yoast_head_json":{"title":"Ubicaci\u00f3n | Restaurante Edreira","description":"Puedes encontrarnos en Vimianzo, uno de los lugares m\u00e1s visitados de la Costa da Morte, ubicaci\u00f3n destacada por sus playas y su turismo.","robots":{"index":"index","follow":"follow","max-snippet":"max-snippet:-1","max-image-preview":"max-image-preview:large","max-video-preview":"max-video-preview:-1"},"canonical":"https:\/\/parrilladaedreira.com\/en\/ubicacion\/","og_locale":"en_GB","og_type":"article","og_title":"Ubicaci\u00f3n | Restaurante Edreira","og_description":"Puedes encontrarnos en Vimianzo, uno de los lugares m\u00e1s visitados de la Costa da Morte, ubicaci\u00f3n destacada por sus playas y su turismo.","og_url":"https:\/\/parrilladaedreira.com\/en\/ubicacion\/","og_site_name":"Restaurante Edreira","article_publisher":"https:\/\/www.facebook.com\/profile.php?id=100042422663803","article_modified_time":"2023-05-19T16:38:53+00:00","twitter_card":"summary_large_image","twitter_misc":{"Estimated reading time":"3 minutes"},"schema":{"@context":"https:\/\/schema.org","@graph":[{"@type":"WebPage","@id":"https:\/\/parrilladaedreira.com\/ubicacion\/","url":"https:\/\/parrilladaedreira.com\/ubicacion\/","name":"Ubicaci\u00f3n | Restaurante Edreira","isPartOf":{"@id":"https:\/\/parrilladaedreira.com\/#website"},"datePublished":"2023-05-18T16:55:26+00:00","dateModified":"2023-05-19T16:38:53+00:00","description":"Puedes encontrarnos en Vimianzo, uno de los lugares m\u00e1s visitados de la Costa da Morte, ubicaci\u00f3n destacada por sus playas y su turismo.","breadcrumb":{"@id":"https:\/\/parrilladaedreira.com\/ubicacion\/#breadcrumb"},"inLanguage":"en-GB","potentialAction":[{"@type":"ReadAction","target":["https:\/\/parrilladaedreira.com\/ubicacion\/"]}]},{"@type":"BreadcrumbList","@id":"https:\/\/parrilladaedreira.com\/ubicacion\/#breadcrumb","itemListElement":[{"@type":"ListItem","position":1,"name":"Portada","item":"https:\/\/parrilladaedreira.com\/"},{"@type":"ListItem","position":2,"name":"Ubicaci\u00f3n"}]},{"@type":"WebSite","@id":"https:\/\/parrilladaedreira.com\/#website","url":"https:\/\/parrilladaedreira.com\/","name":"Restaurante Edreira","description":"Parrillada en Vimianzo, A Coru\u00f1a","publisher":{"@id":"https:\/\/parrilladaedreira.com\/#organization"},"alternateName":"Parrillada Edreira","potentialAction":[{"@type":"SearchAction","target":{"@type":"EntryPoint","urlTemplate":"https:\/\/parrilladaedreira.com\/?s={search_term_string}"},"query-input":{"@type":"PropertyValueSpecification","valueRequired":true,"valueName":"search_term_string"}}],"inLanguage":"en-GB"},{"@type":"Organization","@id":"https:\/\/parrilladaedreira.com\/#organization","name":"Restaurante Edreira","url":"https:\/\/parrilladaedreira.com\/","logo":{"@type":"ImageObject","inLanguage":"en-GB","@id":"https:\/\/parrilladaedreira.com\/#\/schema\/logo\/image\/","url":"https:\/\/parrilladaedreira.com\/wp-content\/uploads\/restaurante-edreira-logo-@2x.png","contentUrl":"https:\/\/parrilladaedreira.com\/wp-content\/uploads\/restaurante-edreira-logo-@2x.png","width":807,"height":336,"caption":"Restaurante Edreira"},"image":{"@id":"https:\/\/parrilladaedreira.com\/#\/schema\/logo\/image\/"},"sameAs":["https:\/\/www.facebook.com\/profile.php?id=100042422663803"]}]}},"_links":{"self":[{"href":"https:\/\/parrilladaedreira.com\/en\/wp-json\/wp\/v2\/pages\/318","targetHints":{"allow":["GET"]}}],"collection":[{"href":"https:\/\/parrilladaedreira.com\/en\/wp-json\/wp\/v2\/pages"}],"about":[{"href":"https:\/\/parrilladaedreira.com\/en\/wp-json\/wp\/v2\/types\/page"}],"author":[{"embeddable":true,"href":"https:\/\/parrilladaedreira.com\/en\/wp-json\/wp\/v2\/users\/1"}],"replies":[{"embeddable":true,"href":"https:\/\/parrilladaedreira.com\/en\/wp-json\/wp\/v2\/comments?post=318"}],"version-history":[{"count":18,"href":"https:\/\/parrilladaedreira.com\/en\/wp-json\/wp\/v2\/pages\/318\/revisions"}],"predecessor-version":[{"id":427,"href":"https:\/\/parrilladaedreira.com\/en\/wp-json\/wp\/v2\/pages\/318\/revisions\/427"}],"wp:attachment":[{"href":"https:\/\/parrilladaedreira.com\/en\/wp-json\/wp\/v2\/media?parent=318"}],"curies":[{"name":"wp","href":"https:\/\/api.w.org\/{rel}","templated":true}]}}